{"id":696,"date":"2016-04-20T08:59:31","date_gmt":"2016-04-20T06:59:31","guid":{"rendered":"https:\/\/www.caballodeviento.com\/?page_id=696"},"modified":"2024-04-26T16:57:41","modified_gmt":"2024-04-26T14:57:41","slug":"inici","status":"publish","type":"page","link":"https:\/\/www.caballodeviento.com\/ca\/","title":{"rendered":"INICI"},"content":{"rendered":"<div class=\"wpb-content-wrapper\"><p>[vc_row css_animation=&#8221;&#8221; row_type=&#8221;row&#8221; use_row_as_full_screen_section=&#8221;no&#8221; type=&#8221;full_width&#8221; angled_section=&#8221;no&#8221; text_align=&#8221;center&#8221; background_image_as_pattern=&#8221;without_pattern&#8221; z_index=&#8221;&#8221; background_image=&#8221;322&#8243; css=&#8221;.vc_custom_1713243800686{background-color: #000000 !important;}&#8221;][vc_column offset=&#8221;vc_hidden-xs&#8221;][vc_empty_space height=&#8221;250&#8243;][vc_column_text]<\/p>\n<p style=\"text-align: center; font-size: 40px; color: #ffffff; font-weight: 400; line-height: 1.25;\">BENVINGUTS A<\/p>\n<p style=\"text-align: center; font-family: 'Playfair Display', sans-serif; font-size: 90px; color: #ffffff; font-weight: 400; line-height: 1.25;\">CABALLO DE VIENTO<\/p>\n<p style=\"text-align: center; font-size: 40px; color: #ffffff; font-weight: 400; line-height: 1.25;\">ACTIVITATS DE SALUT I BENESTAR<\/p>\n<p>[\/vc_column_text][vc_empty_space height=&#8221;50&#8243;][vc_column_text]<a  itemprop=\"url\" href=\"\/nosotros\/\" target=\"_self\"  class=\"qbutton  white\" style=\"\">SOBRE NOSALTRES<\/a>\u00a0 \u00a0<a  itemprop=\"url\" href=\"\/servicios\/\" target=\"_self\"  class=\"qbutton  white\" style=\"\">SERVEIS<\/a>\u00a0 \u00a0<a  itemprop=\"url\" href=\"\/eventos\/\" target=\"_self\"  class=\"qbutton  white\" style=\"\">ESDEVENIMENTS<\/a>[\/vc_column_text][vc_empty_space height=&#8221;250&#8243;][\/vc_column][\/vc_row][vc_row css_animation=&#8221;&#8221; row_type=&#8221;row&#8221; use_row_as_full_screen_section=&#8221;no&#8221; type=&#8221;full_width&#8221; angled_section=&#8221;no&#8221; text_align=&#8221;center&#8221; background_image_as_pattern=&#8221;without_pattern&#8221; z_index=&#8221;&#8221; background_image=&#8221;322&#8243; css=&#8221;.vc_custom_1713243800686{background-color: #000000 !important;}&#8221;][vc_column offset=&#8221;vc_hidden-lg vc_hidden-md vc_hidden-sm&#8221;][vc_empty_space height=&#8221;100&#8243;][vc_column_text]<\/p>\n<p style=\"text-align: center; font-size: 24px; color: #ffffff; font-weight: 400; line-height: 1.25;\">BENVINGUTS A<\/p>\n<p style=\"text-align: center; font-family: 'Playfair Display', sans-serif; font-size: 60px; color: #ffffff; font-weight: 400; line-height: 1.25;\">CABALLO DE VIENTO<\/p>\n<p style=\"text-align: center; font-size: 24px; color: #ffffff; font-weight: 400; line-height: 1.25;\">ACTIVITATS DE SALUT I BENESTAR<\/p>\n<p>[\/vc_column_text][vc_empty_space height=&#8221;50&#8243;][vc_column_text]<a  itemprop=\"url\" href=\"\/nosotros\/\" target=\"_self\"  class=\"qbutton  white\" style=\"\">SOBRE NOSALTRES<\/a>\u00a0 \u00a0<a  itemprop=\"url\" href=\"\/servicios\/\" target=\"_self\"  class=\"qbutton  white\" style=\"\">SERVEIS<\/a>\u00a0 \u00a0<a  itemprop=\"url\" href=\"\/eventos\/\" target=\"_self\"  class=\"qbutton  white\" style=\"\">ESDEVENIMENTS<\/a>[\/vc_column_text][vc_empty_space height=&#8221;100&#8243;][\/vc_column][\/vc_row][vc_row css_animation=&#8221;&#8221; row_type=&#8221;row&#8221; use_row_as_full_screen_section=&#8221;no&#8221; type=&#8221;grid&#8221; angled_section=&#8221;no&#8221; text_align=&#8221;left&#8221; background_image_as_pattern=&#8221;without_pattern&#8221; z_index=&#8221;&#8221; padding_top=&#8221;75&#8243; padding_bottom=&#8221;50&#8243; anchor=&#8221;inicio&#8221;][vc_column width=&#8221;2\/3&#8243;][vc_column_text]<\/p>\n<h1>Activitats de salut i benestar al bell mig del Pirineu Aragon\u00e8s<\/h1>\n<p>[\/vc_column_text][vc_separator type=&#8221;small&#8221; position=&#8221;left&#8221; color=&#8221;#000000&#8243; thickness=&#8221;1&#8243; width=&#8221;200&#8243; up=&#8221;10&#8243; down=&#8221;20&#8243;][vc_column_text]<\/p>\n<h2 style=\"text-align: left; font-size: 24px; color: #000000; font-weight: 600; line-height: 1.25;\">ESDEVENIMENTS DE SALUT I BENESTAR, RETIRS DE FORMACI\u00d3, ESDEVENIMENTS PER A EMPRESES, LLOGUER D&#8217;ESPAIS, TEAM BUILDING, ACTIVITATS EN LA NATURA, FISIOTER\u00c0PIA ESPORTIVA&#8230;<\/h2>\n<p>[\/vc_column_text][vc_empty_space height=&#8221;50&#8243;][vc_column_text]Un lloc al <strong>Pirineu Aragon\u00e8s<\/strong> on podreu realitzar activitats, tallers i recessos de salut i benestar, ja siguin organitzades per Cavall de Vent com organitzades per vosaltres mateixos. En ple Pirineu, en una zona privilegiada entre la <strong>Vall de Benasque<\/strong>, la <strong>Vall de Bo\u00ed<\/strong> i de la <strong>Val d\u2019Aran<\/strong>. Al costat del <strong>Parc Natural Posets-Maladeta<\/strong> i el <strong>Parc Nacional d&#8217;Aig\u00fcestortes i Estany de Sant Maurici<\/strong>\u2026 Un lloc perfecte per a les activitats de muntanya, esqu\u00ed, running, trekking, BTT \u2026i \u00e9s clar, per a LA SALUT i EL BENESTAR.[\/vc_column_text][vc_empty_space height=&#8221;25&#8243;]<a  itemprop=\"url\" href=\"\/ca\/nosaltres\/\" target=\"_self\"  class=\"qbutton  default\" style=\"\">M\u00c9S SOBRE NOSALTRES<\/a>[vc_empty_space height=&#8221;25&#8243;][\/vc_column][vc_column width=&#8221;1\/3&#8243;][vc_empty_space height=&#8221;25&#8243;][vc_single_image image=&#8221;286&#8243; img_size=&#8221;full&#8221; qode_css_animation=&#8221;&#8221;][vc_empty_space height=&#8221;25&#8243;][\/vc_column][\/vc_row][vc_row css_animation=&#8221;&#8221; row_type=&#8221;row&#8221; use_row_as_full_screen_section=&#8221;no&#8221; type=&#8221;full_width&#8221; angled_section=&#8221;no&#8221; text_align=&#8221;left&#8221; background_image_as_pattern=&#8221;without_pattern&#8221;][vc_column][vc_separator type=&#8221;normal&#8221; color=&#8221;#000000&#8243; thickness=&#8221;1&#8243;][\/vc_column][\/vc_row][vc_row css_animation=&#8221;&#8221; row_type=&#8221;row&#8221; use_row_as_full_screen_section=&#8221;no&#8221; type=&#8221;grid&#8221; angled_section=&#8221;no&#8221; text_align=&#8221;center&#8221; background_image_as_pattern=&#8221;without_pattern&#8221; z_index=&#8221;&#8221; padding_top=&#8221;75&#8243; padding_bottom=&#8221;25&#8243;][vc_column width=&#8221;1\/3&#8243;]<span data-type=\"normal\"  class=\"qode_icon_shortcode  q_font_awsome_icon fa-lg pull-center \" style=\" \"><i class=\"qode_icon_font_awesome fa fa-calendar qode_icon_element\" style=\"font-size: 50px;color: #85682e;\" ><\/i><\/span>[vc_empty_space height=&#8221;25&#8243;][vc_column_text]<\/p>\n<h2 style=\"text-align: center;\">ACTIVITATS<br \/>\nORGANITZADES<br \/>\nCdV<\/h2>\n<p>[\/vc_column_text][vc_empty_space height=&#8221;15&#8243;][vc_column_text]<\/p>\n<p style=\"text-align: center;\"><strong>TROBA AQU\u00cd<\/strong><br \/>\n<strong>LA TEVA PROPERA EXPERI\u00c8NCIA<\/strong><\/p>\n<p>[\/vc_column_text][vc_separator type=&#8221;small&#8221; position=&#8221;center&#8221; color=&#8221;#000000&#8243; thickness=&#8221;1&#8243; width=&#8221;200&#8243; up=&#8221;10&#8243; down=&#8221;50&#8243;][vc_column_text]<\/p>\n<p style=\"text-align: center;\">Per a tots aquells que voleu realitzar activitats en un entorn especial, en plena natura. Cavall de Vent us ofereix una <strong>gran varietat d&#8217;activitats<\/strong>: <strong>MioReset<\/strong>, <strong>Qi Gong<\/strong>, <strong>Mindflulness<\/strong>, <strong>Constel\u00b7lacions Familiars<\/strong>, <strong>Gravitoter\u00e0pia<\/strong>, <strong>Hipopressius<\/strong>, <strong>Reflexologia<\/strong>, <strong>Reiki<\/strong>, <strong>S\u00f2l Pelvi\u00e0&#8230;<\/strong><\/p>\n<p>[\/vc_column_text][vc_empty_space height=&#8221;25&#8243;]<a  itemprop=\"url\" href=\"\/ca\/esdeveniments\/\" target=\"_self\"  class=\"qbutton  default\" style=\"\">VEURE ACTIVITATS<\/a>[vc_empty_space height=&#8221;50&#8243;][\/vc_column][vc_column width=&#8221;1\/3&#8243;]<span data-type=\"normal\"  class=\"qode_icon_shortcode  q_font_awsome_icon fa-lg pull-center \" style=\" \"><i class=\"qode_icon_font_awesome fa fa-building qode_icon_element\" style=\"font-size: 50px;color: #85682e;\" ><\/i><\/span>[vc_empty_space height=&#8221;25&#8243;][vc_column_text]<\/p>\n<h2 style=\"text-align: center;\">ESDEVENIMENTS<br \/>\nI TROBADES<br \/>\nPER A EMPRESES<\/h2>\n<p>[\/vc_column_text][vc_empty_space height=&#8221;15&#8243;][vc_column_text]<\/p>\n<p style=\"text-align: center;\"><strong>ORGANITZEM L&#8217;ESDEVENIMENT<\/strong><br \/>\n<strong>QUE LA TEVA MARCA NECESSITA<\/strong><\/p>\n<p>[\/vc_column_text][vc_separator type=&#8221;small&#8221; position=&#8221;center&#8221; color=&#8221;#000000&#8243; thickness=&#8221;1&#8243; width=&#8221;200&#8243; up=&#8221;10&#8243; down=&#8221;50&#8243;][vc_column_text]<\/p>\n<p style=\"text-align: center;\">Si est\u00e0s programant <strong>sortides <em>team building<\/em><\/strong>, <strong>activitats a la natura<\/strong>, <strong>trobades de descans<\/strong> o <strong>retires de formaci\u00f3<\/strong> per als teus empleats, accionistes o socis, clients (potencials o actuals), prove\u00efdors i altres p\u00fablics externs a l&#8217;empresa, posa&#8217;t en contacte amb nosaltres, planificarem tot all\u00f2 que necessitis.<\/p>\n<p>[\/vc_column_text][vc_empty_space height=&#8221;25&#8243;]<a  itemprop=\"url\" href=\"\/ca\/serveis\/\" target=\"_self\"  class=\"qbutton  default\" style=\"\">VULL M\u00c9S INFORMACI\u00d3<\/a>[vc_empty_space height=&#8221;50&#8243;][\/vc_column][vc_column width=&#8221;1\/3&#8243;]<span data-type=\"normal\"  class=\"qode_icon_shortcode  q_font_awsome_icon fa-lg pull-center \" style=\" \"><i class=\"qode_icon_font_awesome fa fa-bell qode_icon_element\" style=\"font-size: 50px;color: #85682e;\" ><\/i><\/span>[vc_empty_space height=&#8221;25&#8243;][vc_column_text]<\/p>\n<h2 style=\"text-align: center;\">LLOGUER<br \/>\nD&#8217;ESPAIS<br \/>\nPER A ACTIVITATS<\/h2>\n<p>[\/vc_column_text][vc_empty_space height=&#8221;15&#8243;][vc_column_text]<\/p>\n<p style=\"text-align: center;\"><strong>VINE AMB ELS TEUS CLIENTS<\/strong><br \/>\n<strong>I ORGANITZA ELS TEUS PROPIS ESDEVENIMENTS<\/strong><\/p>\n<p>[\/vc_column_text][vc_separator type=&#8221;small&#8221; position=&#8221;center&#8221; color=&#8221;#000000&#8243; thickness=&#8221;1&#8243; width=&#8221;200&#8243; up=&#8221;10&#8243; down=&#8221;50&#8243;][vc_column_text]<\/p>\n<p style=\"text-align: center;\">Busques un entorn especial, en plena naturalesa? Ara pots <strong>llogar les nostres instal\u00b7lacions<\/strong> per organitzar els teus propis <strong>esdeveniments de salut i benestar<\/strong>, <strong><em>team building<\/em><\/strong>, <strong>retirs <\/strong>, <strong>esdeveniments<\/strong>, <strong>trobades de formaci\u00f3<\/strong>&#8230; a l&#8217;entorn natural especial de Cavall de Vent.<\/p>\n<p>[\/vc_column_text][vc_empty_space height=&#8221;25&#8243;]<a  itemprop=\"url\" href=\"\/ca\/serveis\/\" target=\"_self\"  class=\"qbutton  default\" style=\"\">VEURE SERVEIS<\/a>[vc_empty_space height=&#8221;50&#8243;][\/vc_column][\/vc_row][vc_row css_animation=&#8221;&#8221; row_type=&#8221;row&#8221; use_row_as_full_screen_section=&#8221;no&#8221; type=&#8221;grid&#8221; angled_section=&#8221;no&#8221; text_align=&#8221;left&#8221; background_image_as_pattern=&#8221;without_pattern&#8221; z_index=&#8221;&#8221;][vc_column][vc_separator type=&#8221;normal&#8221; color=&#8221;#000000&#8243; thickness=&#8221;1&#8243;][\/vc_column][\/vc_row][vc_row css_animation=&#8221;&#8221; row_type=&#8221;row&#8221; use_row_as_full_screen_section=&#8221;no&#8221; type=&#8221;grid&#8221; angled_section=&#8221;no&#8221; text_align=&#8221;left&#8221; background_image_as_pattern=&#8221;without_pattern&#8221; z_index=&#8221;&#8221; padding_top=&#8221;50&#8243; padding_bottom=&#8221;75&#8243;][vc_column width=&#8221;1\/3&#8243;][vc_single_image image=&#8221;645&#8243; img_size=&#8221;full&#8221; alignment=&#8221;center&#8221; qode_css_animation=&#8221;&#8221;][vc_empty_space height=&#8221;25&#8243;][vc_column_text]<\/p>\n<h2 style=\"text-align: center;\">FISIOTER\u00c0PIA<br \/>\nI TER\u00c0PIES ALTERNATIVES<\/h2>\n<p>[\/vc_column_text][vc_empty_space height=&#8221;15&#8243;][vc_column_text]<\/p>\n<p style=\"text-align: center;\"><strong>PORTA LES ACTIVITATS<\/strong><br \/>\n<strong>DE FISIOMOUNTAIN A CdV<\/strong><\/p>\n<p>[\/vc_column_text][vc_separator type=&#8221;small&#8221; position=&#8221;center&#8221; color=&#8221;#000000&#8243; thickness=&#8221;1&#8243; width=&#8221;200&#8243; up=&#8221;10&#8243; down=&#8221;0&#8243;][\/vc_column][vc_column width=&#8221;2\/3&#8243;][vc_empty_space height=&#8221;75&#8243;][vc_column_text]<\/p>\n<p style=\"text-align: left;\">FisioMountain t&#8217;ofereix\u00a0<strong>t\u00e8cniques que s&#8217;adapten a la teva lesi\u00f3<\/strong>\u00a0ia la teva\u00a0<strong>activitat esportiva<\/strong>\u00a0per obtenir una\u00a0<strong>recuperaci\u00f3 r\u00e0pida i efica\u00e7<\/strong>,\u00a0<strong>evitant recaigudes<\/strong>. A FisioMountain la salut \u00e9s el m\u00e9s important, una <strong>visi\u00f3 global<\/strong> ens permet ajudar-te a aconseguir un rendiment \u00f2ptim i saludable. Descobreix les nostres t\u00e8cniques i l&#8217;<strong>equip de professionals<\/strong>. FisioMountain tamb\u00e9 organitza <strong>cursos<\/strong>, <strong>tallers<\/strong>, <strong>esdeveniments<\/strong> i <strong>activitats en plena natura<\/strong>.<\/p>\n<p>[\/vc_column_text][vc_empty_space height=&#8221;25&#8243;][vc_column_text]<a  itemprop=\"url\" href=\"https:\/\/www.fisiomountain.com\/ca\/tractaments-i-terapies\/\" target=\"_blank\"  class=\"qbutton  default\" style=\"\">TRACTAMENTS I TER\u00c0PIES<\/a> <a  itemprop=\"url\" href=\"https:\/\/www.fisiomountain.com\/ca\/cursos-tallers-i-esdeveniments\/\" target=\"_blank\"  class=\"qbutton  default\" style=\"\">CURSOS, TALLERS I ESDEVENIMENTS<\/a>[\/vc_column_text][vc_empty_space height=&#8221;50&#8243;][\/vc_column][\/vc_row]<\/p>\n<\/div>","protected":false},"excerpt":{"rendered":"<p>[vc_row css_animation=&#8221;&#8221; row_type=&#8221;row&#8221; use_row_as_full_screen_section=&#8221;no&#8221; type=&#8221;full_width&#8221; angled_section=&#8221;no&#8221; text_align=&#8221;center&#8221; background_image_as_pattern=&#8221;without_pattern&#8221; z_index=&#8221;&#8221; background_image=&#8221;322&#8243; css=&#8221;.vc_custom_1713243800686{background-color: #000000 !important;}&#8221;][vc_column offset=&#8221;vc_hidden-xs&#8221;][vc_empty_space height=&#8221;250&#8243;][vc_column_text] BENVINGUTS A CABALLO DE VIENTO ACTIVITATS DE SALUT I BENESTAR [\/vc_column_text][vc_empty_space height=&#8221;50&#8243;][vc_column_text]\u00a0 \u00a0\u00a0 \u00a0[\/vc_column_text][vc_empty_space height=&#8221;250&#8243;][\/vc_column][\/vc_row][vc_row css_animation=&#8221;&#8221; row_type=&#8221;row&#8221; use_row_as_full_screen_section=&#8221;no&#8221; type=&#8221;full_width&#8221; angled_section=&#8221;no&#8221; text_align=&#8221;center&#8221; background_image_as_pattern=&#8221;without_pattern&#8221; z_index=&#8221;&#8221; background_image=&#8221;322&#8243; css=&#8221;.vc_custom_1713243800686{background-color: #000000 !important;}&#8221;][vc_column offset=&#8221;vc_hidden-lg vc_hidden-md vc_hidden-sm&#8221;][vc_empty_space height=&#8221;100&#8243;][vc_column_text] BENVINGUTS A CABALLO DE VIENTO ACTIVITATS DE SALUT I BENESTAR [\/vc_column_text][vc_empty_space height=&#8221;50&#8243;][vc_column_text]\u00a0 \u00a0\u00a0 \u00a0[\/vc_column_text][vc_empty_space height=&#8221;100&#8243;][\/vc_column][\/vc_row][vc_row css_animation=&#8221;&#8221; row_type=&#8221;row&#8221; use_row_as_full_screen_section=&#8221;no&#8221; type=&#8221;grid&#8221; angled_section=&#8221;no&#8221; text_align=&#8221;left&#8221; background_image_as_pattern=&#8221;without_pattern&#8221; z_index=&#8221;&#8221; padding_top=&#8221;75&#8243; padding_bottom=&#8221;50&#8243; anchor=&#8221;inicio&#8221;][vc_column width=&#8221;2\/3&#8243;][vc_column_text] Activitats de salut i benestar al bell mig del Pirineu Aragon\u00e8s [\/vc_column_text][vc_separator type=&#8221;small&#8221; position=&#8221;left&#8221; color=&#8221;#000000&#8243;&hellip; <a class=\"continue\" href=\"https:\/\/www.caballodeviento.com\/ca\/\">CONTINUAR >><span> INICI<\/span><\/a><\/p>\n","protected":false},"author":1,"featured_media":0,"parent":0,"menu_order":0,"comment_status":"closed","ping_status":"closed","template":"full_width.php","meta":{"footnotes":""},"class_list":["post-696","page","type-page","status-publish","hentry"],"_links":{"self":[{"href":"https:\/\/www.caballodeviento.com\/ca\/wp-json\/wp\/v2\/pages\/696","targetHints":{"allow":["GET"]}}],"collection":[{"href":"https:\/\/www.caballodeviento.com\/ca\/wp-json\/wp\/v2\/pages"}],"about":[{"href":"https:\/\/www.caballodeviento.com\/ca\/wp-json\/wp\/v2\/types\/page"}],"author":[{"embeddable":true,"href":"https:\/\/www.caballodeviento.com\/ca\/wp-json\/wp\/v2\/users\/1"}],"replies":[{"embeddable":true,"href":"https:\/\/www.caballodeviento.com\/ca\/wp-json\/wp\/v2\/comments?post=696"}],"version-history":[{"count":8,"href":"https:\/\/www.caballodeviento.com\/ca\/wp-json\/wp\/v2\/pages\/696\/revisions"}],"predecessor-version":[{"id":766,"href":"https:\/\/www.caballodeviento.com\/ca\/wp-json\/wp\/v2\/pages\/696\/revisions\/766"}],"wp:attachment":[{"href":"https:\/\/www.caballodeviento.com\/ca\/wp-json\/wp\/v2\/media?parent=696"}],"curies":[{"name":"wp","href":"https:\/\/api.w.org\/{rel}","templated":true}]}}