{"id":709,"date":"2024-04-16T19:54:14","date_gmt":"2024-04-16T17:54:14","guid":{"rendered":"https:\/\/www.caballodeviento.com\/?page_id=709"},"modified":"2024-04-25T19:24:24","modified_gmt":"2024-04-25T17:24:24","slug":"serveis","status":"publish","type":"page","link":"https:\/\/www.caballodeviento.com\/ca\/serveis\/","title":{"rendered":"SERVEIS"},"content":{"rendered":"<div class=\"wpb-content-wrapper\"><p>[vc_row css_animation=&#8221;&#8221; row_type=&#8221;row&#8221; use_row_as_full_screen_section=&#8221;no&#8221; type=&#8221;grid&#8221; angled_section=&#8221;no&#8221; text_align=&#8221;left&#8221; background_image_as_pattern=&#8221;without_pattern&#8221; z_index=&#8221;&#8221;][vc_column][vc_single_image image=&#8221;449&#8243; img_size=&#8221;full&#8221; alignment=&#8221;center&#8221; qode_css_animation=&#8221;&#8221;][\/vc_column][\/vc_row][vc_row css_animation=&#8221;&#8221; row_type=&#8221;row&#8221; use_row_as_full_screen_section=&#8221;no&#8221; type=&#8221;grid&#8221; angled_section=&#8221;no&#8221; text_align=&#8221;left&#8221; background_image_as_pattern=&#8221;without_pattern&#8221; z_index=&#8221;&#8221; padding_top=&#8221;30&#8243;][vc_column][vc_column_text]<\/p>\n<p style=\"text-align: center;\"><small><a href=\"\/ca\/\">INICI<\/a> \/ SERVEIS<\/small><\/p>\n<p>[\/vc_column_text][vc_separator type=&#8221;small&#8221; position=&#8221;center&#8221; color=&#8221;#000000&#8243; thickness=&#8221;1&#8243; up=&#8221;10&#8243;][\/vc_column][\/vc_row][vc_row css_animation=&#8221;&#8221; row_type=&#8221;row&#8221; use_row_as_full_screen_section=&#8221;no&#8221; type=&#8221;grid&#8221; angled_section=&#8221;no&#8221; text_align=&#8221;left&#8221; background_image_as_pattern=&#8221;without_pattern&#8221; z_index=&#8221;&#8221; padding_top=&#8221;50&#8243; padding_bottom=&#8221;50&#8243; anchor=&#8221;inicio&#8221;][vc_column width=&#8221;2\/3&#8243;][vc_column_text]<\/p>\n<h1 style=\"text-align: left;\">Serveis de<br \/>\nCaballo de Viento<\/h1>\n<p>[\/vc_column_text][vc_separator type=&#8221;small&#8221; position=&#8221;left&#8221; thickness=&#8221;1&#8243; width=&#8221;200&#8243; up=&#8221;10&#8243; down=&#8221;20&#8243;][vc_column_text]<\/p>\n<h2 style=\"text-align: left; font-size: 24px; color: #000000; font-weight: 600; line-height: 1.25;\">LLOGUER D&#8217;ESPAIS EN EL PIRINEU ARAGON\u00c8S PER A TALLERS, RETIRS, ESDEVENIMENTS DE SALUT I BENESTAR, FORMACI\u00d3, EMPRESES&#8230;<\/h2>\n<p>[\/vc_column_text][vc_empty_space height=&#8221;50&#8243;][vc_column_text]Estem disposats a ajudar-te a organitzar els teus esdeveniments, digues-nos que necessites i buscarem la millor opci\u00f3. Disposem de la <strong>Cabanya de Fusta<\/strong> i del <strong>Jard\u00ed dels 7 Chakras<\/strong>, 2 espais ideals per programar <strong>tallers<\/strong>, <strong>cursos<\/strong> , <strong>retires<\/strong> i <strong>trobades<\/strong>. A Caballo de Viento gaudir\u00e0s d&#8217;intimitat i descans, per\u00f2 tamb\u00e9 et sentir\u00e0s a prop de tot.[\/vc_column_text][vc_empty_space height=&#8221;50&#8243;]<a  itemprop=\"url\" href=\"\/ca\/contacte\/\" target=\"_self\"  class=\"qbutton  default\" style=\"\">SOL\u00b7LICITA M\u00c9S INFORMACI\u00d3<\/a>[vc_empty_space height=&#8221;25&#8243;][\/vc_column][vc_column width=&#8221;1\/3&#8243;][vc_empty_space height=&#8221;25&#8243;][vc_single_image image=&#8221;529&#8243; img_size=&#8221;full&#8221; alignment=&#8221;right&#8221; qode_css_animation=&#8221;&#8221;][\/vc_column][\/vc_row][vc_row css_animation=&#8221;&#8221; row_type=&#8221;row&#8221; use_row_as_full_screen_section=&#8221;no&#8221; type=&#8221;full_width&#8221; angled_section=&#8221;no&#8221; text_align=&#8221;left&#8221; background_image_as_pattern=&#8221;without_pattern&#8221;][vc_column][vc_separator type=&#8221;normal&#8221; thickness=&#8221;1&#8243; color=&#8221;#000000&#8243;][\/vc_column][\/vc_row][vc_row css_animation=&#8221;&#8221; row_type=&#8221;row&#8221; use_row_as_full_screen_section=&#8221;no&#8221; type=&#8221;grid&#8221; angled_section=&#8221;no&#8221; text_align=&#8221;left&#8221; background_image_as_pattern=&#8221;without_pattern&#8221; z_index=&#8221;&#8221; padding_top=&#8221;75&#8243; padding_bottom=&#8221;0&#8243;][vc_column width=&#8221;1\/2&#8243;][qode_elements_holder number_of_columns=&#8221;one_column&#8221;][qode_elements_holder_item advanced_animations=&#8221;no&#8221; item_padding=&#8221;0px 25px 0px 25px&#8221;][vc_column_text]<\/p>\n<h2 style=\"text-align: left;\">EL JARD\u00cd DELS 7 CHAKRES<\/h2>\n<p>[\/vc_column_text][vc_empty_space height=&#8221;15&#8243;][vc_column_text]<\/p>\n<p style=\"text-align: left;\"><strong>LLOGUER PER A ESDEVENIMENTS, TALLERS, RETIRS&#8230;<\/strong><\/p>\n<p>[\/vc_column_text][vc_separator type=&#8221;small&#8221; position=&#8221;left&#8221; thickness=&#8221;1&#8243; width=&#8221;200&#8243; up=&#8221;10&#8243; down=&#8221;50&#8243;][vc_single_image image=&#8221;420&#8243; img_size=&#8221;full&#8221; qode_css_animation=&#8221;&#8221;][vc_empty_space height=&#8221;50&#8243;][vc_column_text]La planificaci\u00f3 i disseny del <strong>Jard\u00ed dels 7 Chakras<\/strong> de <strong>7000m\u00b2<\/strong> \u00e9s una aventura compartida amb molts de vosaltres, clients i amics, que esteu contribuint en gran mesura a aconseguir fer realitat un somni.<\/p>\n<p>&nbsp;<\/p>\n<p>L&#8217;objectiu principal d&#8217;aquest disseny ha estat el desenvolupament de <strong>set centres energ\u00e8tics<\/strong>, <strong>Chakras<\/strong>, on cultivar els diferents trets caracter\u00edstics de cadascun a nivell d&#8217;esp\u00e8cies vegetals, de les formes i els colors. Tot aix\u00f2 des de la idea de mantenir-lo unit a la zona exterior, integrat.<\/p>\n<p>&nbsp;<\/p>\n<p>Tamb\u00e9 se sintonitza gr\u00e0cies a la vibraci\u00f3 que amb cada meditaci\u00f3, treball energ\u00e8tic i vincle s&#8217;aferma i creix en ell.[\/vc_column_text][vc_empty_space height=&#8221;50&#8243;][vc_column_text]<\/p>\n<h3>CARACTER\u00cdSTIQUES I PREUS<\/h3>\n<p>[\/vc_column_text][vc_separator type=&#8221;normal&#8221; color=&#8221;#000000&#8243; thickness=&#8221;1&#8243; up=&#8221;10&#8243; down=&#8221;30&#8243;][vc_column_text]<\/p>\n<p style=\"text-align: left;\">\u00b7 <strong>7000 m\u00b2 de jard\u00ed:<\/strong> espai ampli ple de natura.<\/p>\n<p style=\"text-align: left;\">\u00b7 <strong>Gespa condicionada:<\/strong> preparada per a tot tipus d&#8217;activitats.<\/p>\n<p style=\"text-align: left;\">\u00b7 <strong>Privadesa:<\/strong> lluny de mirades, en un entorn \u00fanic.<\/p>\n<p style=\"text-align: left;\">\u00b7 <strong>WC:<\/strong> acc\u00e9s a bany privat dins del mateix jard\u00ed.<\/p>\n<p style=\"text-align: left;\">\u00b7 <strong>Mobiliari de jard\u00ed:<\/strong> taules i cadires per a la vostra comoditat.<\/p>\n<p>[\/vc_column_text][vc_empty_space height=&#8221;25&#8243;]<a  itemprop=\"url\" href=\"\/ca\/contacte\/\" target=\"_self\"  class=\"qbutton  default\" style=\"\">RESERVAR EL JARD\u00cd<\/a>[vc_empty_space height=&#8221;50&#8243;][vc_row_inner row_type=&#8221;row&#8221; type=&#8221;full_width&#8221; text_align=&#8221;left&#8221; css_animation=&#8221;&#8221; css=&#8221;.vc_custom_1713455605539{padding-top: 25px !important;padding-right: 25px !important;padding-bottom: 25px !important;padding-left: 25px !important;background-color: #f4f4f4 !important;}&#8221;][vc_column_inner width=&#8221;1\/4&#8243;][vc_column_text]<\/p>\n<p style=\"text-align: center; font-size: 42px; color: #85682e; font-weight: 400; line-height: 1.25;\">20\u20ac<\/p>\n<p>[\/vc_column_text][vc_separator type=&#8221;small&#8221; position=&#8221;center&#8221; color=&#8221;#000000&#8243; thickness=&#8221;1&#8243; width=&#8221;25&#8243; up=&#8221;10&#8243; down=&#8221;20&#8243;][vc_column_text]<\/p>\n<p style=\"text-align: center;\"><strong>MIG<br \/>\nDIA<br \/>\n<\/strong>(4 hores)<\/p>\n<p>[\/vc_column_text][\/vc_column_inner][vc_column_inner width=&#8221;1\/4&#8243;][vc_column_text]<\/p>\n<p style=\"text-align: center; font-size: 42px; color: #85682e; font-weight: 400; line-height: 1.25;\">40\u20ac<\/p>\n<p>[\/vc_column_text][vc_separator type=&#8221;small&#8221; position=&#8221;center&#8221; color=&#8221;#000000&#8243; thickness=&#8221;1&#8243; width=&#8221;25&#8243; up=&#8221;10&#8243; down=&#8221;20&#8243;][vc_column_text]<\/p>\n<p style=\"text-align: center;\"><strong>DIA<br \/>\nCOMPLET<br \/>\n<\/strong>(8 hores)<\/p>\n<p>[\/vc_column_text][\/vc_column_inner][vc_column_inner width=&#8221;1\/4&#8243;][vc_column_text]<\/p>\n<p style=\"text-align: center; font-size: 42px; color: #85682e; font-weight: 400; line-height: 1.25;\">60\u20ac<\/p>\n<p>[\/vc_column_text][vc_separator type=&#8221;small&#8221; position=&#8221;center&#8221; color=&#8221;#000000&#8243; thickness=&#8221;1&#8243; width=&#8221;25&#8243; up=&#8221;10&#8243; down=&#8221;20&#8243;][vc_column_text]<\/p>\n<p style=\"text-align: center;\"><strong>CAP DE<br \/>\nSETMANA<br \/>\n<\/strong>(12 hores)<\/p>\n<p>[\/vc_column_text][\/vc_column_inner][vc_column_inner width=&#8221;1\/4&#8243;][vc_column_text]<\/p>\n<p style=\"text-align: center; font-size: 42px; color: #85682e; font-weight: 400; line-height: 1.25;\">120\u20ac<\/p>\n<p>[\/vc_column_text][vc_separator type=&#8221;small&#8221; position=&#8221;center&#8221; color=&#8221;#000000&#8243; thickness=&#8221;1&#8243; width=&#8221;25&#8243; up=&#8221;10&#8243; down=&#8221;20&#8243;][vc_column_text]<\/p>\n<p style=\"text-align: center;\"><strong>SETMANA<br \/>\nSENCERA<br \/>\n<\/strong>(60 hores)<\/p>\n<p>[\/vc_column_text][\/vc_column_inner][\/vc_row_inner][vc_empty_space height=&#8221;75&#8243;][\/qode_elements_holder_item][\/qode_elements_holder][\/vc_column][vc_column width=&#8221;1\/2&#8243;][qode_elements_holder number_of_columns=&#8221;one_column&#8221;][qode_elements_holder_item advanced_animations=&#8221;no&#8221; item_padding=&#8221;0px 25px 0px 25px&#8221;][vc_column_text]<\/p>\n<h2 style=\"text-align: left;\">CABA\u00d1A DE MADERA<\/h2>\n<p>[\/vc_column_text][vc_empty_space height=&#8221;15&#8243;][vc_column_text]<\/p>\n<p style=\"text-align: left;\"><strong>LLOGUER PER A CURSOS, TALLERS, ESDEVENIMENTS&#8230;<\/strong><\/p>\n<p>[\/vc_column_text][vc_separator type=&#8221;small&#8221; position=&#8221;left&#8221; thickness=&#8221;1&#8243; width=&#8221;200&#8243; up=&#8221;10&#8243; down=&#8221;50&#8243;][vc_single_image image=&#8221;399&#8243; img_size=&#8221;full&#8221; qode_css_animation=&#8221;&#8221;][vc_empty_space height=&#8221;50&#8243;][vc_column_text]Aquesta \u00e9s la nostra sala de treball, una <strong>Cabanya de Fusta<\/strong> de <strong>40 m\u00b2<\/strong>, feta a m\u00e0, amb <strong>s\u00f2l de fusta i moqueta<\/strong>, <strong> estufa de llenya<\/strong>, <strong>il\u00b7luminaci\u00f3<\/strong>, <strong>wifi<\/strong>, <strong>projector<\/strong>, <strong>monitor audiovisuals<\/strong>, tamb\u00e9 <strong>mantes <\/strong>, <strong>coixins<\/strong>, <strong>bastons<\/strong> i divers <strong>material de treball corporal<\/strong> per a <strong>8-12 persones<\/strong>. Est\u00e0 ubicada al nostre <strong>jard\u00ed de 7000 m\u00b2<\/strong> a 1500 m d&#8217;altitud dissenyat especialment per dinamitzar energ\u00e8ticament els seus visitants.<\/p>\n<p>&nbsp;<\/p>\n<p>Si vols contractar les nostres activitats, per a tu o per als teus grups, sol\u00b7licita informaci\u00f3 dels esdeveniments que es duen a terme properament a Caballo de Viento.<\/p>\n<p>&nbsp;<\/p>\n<p>Si vols portar els teus grups per realitzar les teves pr\u00f2pies activitats a Caballo de Viento demana preus i disponibilitat.[\/vc_column_text][vc_empty_space height=&#8221;50&#8243;][vc_column_text]<\/p>\n<h3>CARACTER\u00cdSTIQUES I PREUS<\/h3>\n<p>[\/vc_column_text][vc_separator type=&#8221;normal&#8221; color=&#8221;#000000&#8243; thickness=&#8221;1&#8243; up=&#8221;10&#8243; down=&#8221;30&#8243;][vc_column_text el_id=&#8221;WIFI&#8221;]<\/p>\n<p style=\"text-align: left;\">\u00b7 <strong>40 m\u00b2 de jard\u00ed:<\/strong> espai di\u00e0fan i vers\u00e0til.<\/p>\n<p style=\"text-align: left;\">\u00b7 <strong>WIFI:<\/strong> connexi\u00f3 a internet a la cabana i part del jard\u00ed.<\/p>\n<p style=\"text-align: left;\">\u00b7 <strong>WC:<\/strong> acc\u00e9s a bany privat dins del mateix jard\u00ed.<\/p>\n<p style=\"text-align: left;\">\u00b7 <strong>Material per a 8-12 persones:<\/strong> per a un m\u00e0xim de 12 persones.<\/p>\n<p>\u00b7 <strong>Zona de p\u00edcnic:<\/strong> espai habilitat per menjar.[\/vc_column_text][vc_empty_space height=&#8221;25&#8243;]<a  itemprop=\"url\" href=\"\/ca\/contacte\/\" target=\"_self\"  class=\"qbutton  default\" style=\"\">RESERVAR LA CABANYA<\/a>[vc_empty_space height=&#8221;50&#8243;][vc_row_inner row_type=&#8221;row&#8221; type=&#8221;full_width&#8221; text_align=&#8221;left&#8221; css_animation=&#8221;&#8221; css=&#8221;.vc_custom_1713455635006{padding-top: 25px !important;padding-right: 25px !important;padding-bottom: 25px !important;padding-left: 25px !important;background-color: #f4f4f4 !important;}&#8221;][vc_column_inner width=&#8221;1\/4&#8243;][vc_column_text]<\/p>\n<p style=\"text-align: center; font-size: 42px; color: #85682e; font-weight: 400; line-height: 1.25;\">120\u20ac<\/p>\n<p>[\/vc_column_text][vc_separator type=&#8221;small&#8221; position=&#8221;center&#8221; color=&#8221;#000000&#8243; thickness=&#8221;1&#8243; width=&#8221;25&#8243; up=&#8221;10&#8243; down=&#8221;20&#8243;][vc_column_text]<\/p>\n<p style=\"text-align: center;\"><strong>MIG<br \/>\nDIA<br \/>\n<\/strong>(4 hores)<\/p>\n<p>[\/vc_column_text][\/vc_column_inner][vc_column_inner width=&#8221;1\/4&#8243;][vc_column_text]<\/p>\n<p style=\"text-align: center; font-size: 42px; color: #85682e; font-weight: 400; line-height: 1.25;\">190\u20ac<\/p>\n<p>[\/vc_column_text][vc_separator type=&#8221;small&#8221; position=&#8221;center&#8221; color=&#8221;#000000&#8243; thickness=&#8221;1&#8243; width=&#8221;25&#8243; up=&#8221;10&#8243; down=&#8221;20&#8243;][vc_column_text]<\/p>\n<p style=\"text-align: center;\"><strong>DIA<br \/>\nCOMPLET<br \/>\n<\/strong>(8 hores)<\/p>\n<p>[\/vc_column_text][\/vc_column_inner][vc_column_inner width=&#8221;1\/4&#8243;][vc_column_text]<\/p>\n<p style=\"text-align: center; font-size: 42px; color: #85682e; font-weight: 400; line-height: 1.25;\">240\u20ac<\/p>\n<p>[\/vc_column_text][vc_separator type=&#8221;small&#8221; position=&#8221;center&#8221; color=&#8221;#000000&#8243; thickness=&#8221;1&#8243; width=&#8221;25&#8243; up=&#8221;10&#8243; down=&#8221;20&#8243;][vc_column_text]<\/p>\n<p style=\"text-align: center;\"><strong>CAP DE<br \/>\nSETMANA<br \/>\n<\/strong>(12 hores)<\/p>\n<p>[\/vc_column_text][\/vc_column_inner][vc_column_inner width=&#8221;1\/4&#8243;][vc_column_text]<\/p>\n<p style=\"text-align: center; font-size: 42px; color: #85682e; font-weight: 400; line-height: 1.25;\">800\u20ac<\/p>\n<p>[\/vc_column_text][vc_separator type=&#8221;small&#8221; position=&#8221;center&#8221; color=&#8221;#000000&#8243; thickness=&#8221;1&#8243; width=&#8221;25&#8243; up=&#8221;10&#8243; down=&#8221;20&#8243;][vc_column_text]<\/p>\n<p style=\"text-align: center;\"><strong>SETMANA<br \/>\nSENCERA<br \/>\n<\/strong>(60 hores)<\/p>\n<p>[\/vc_column_text][\/vc_column_inner][\/vc_row_inner][vc_empty_space height=&#8221;75&#8243;][\/qode_elements_holder_item][\/qode_elements_holder][\/vc_column][\/vc_row][vc_row css_animation=&#8221;&#8221; row_type=&#8221;row&#8221; use_row_as_full_screen_section=&#8221;no&#8221; type=&#8221;full_width&#8221; angled_section=&#8221;no&#8221; text_align=&#8221;left&#8221; background_image_as_pattern=&#8221;without_pattern&#8221;][vc_column][vc_gallery type=&#8221;image_grid&#8221; images=&#8221;504,506,508,510,512,514&#8243; img_size=&#8221;full&#8221; onclick=&#8221;&#8221; column_number=&#8221;6&#8243; grayscale=&#8221;no&#8221; images_space=&#8221;gallery_without_space&#8221;][\/vc_column][\/vc_row][vc_row css_animation=&#8221;&#8221; row_type=&#8221;row&#8221; use_row_as_full_screen_section=&#8221;no&#8221; type=&#8221;grid&#8221; angled_section=&#8221;no&#8221; text_align=&#8221;center&#8221; background_image_as_pattern=&#8221;without_pattern&#8221; z_index=&#8221;&#8221; padding_top=&#8221;75&#8243; padding_bottom=&#8221;75&#8243;][vc_column][vc_column_text]<\/p>\n<h2 style=\"text-align: center;\">ALTRES SERVEIS EN ELS QUALS PODEM FACILITAR-TE LA CONTRACTACI\u00d3<\/h2>\n<p>[\/vc_column_text][vc_empty_space height=&#8221;15&#8243;][vc_column_text]<\/p>\n<p style=\"text-align: center;\"><strong>ORGANITZA ELS TEUS ESDEVENIMENTS EN CABALLO DE VIENTO I DEIXA QUE T&#8217;AJUDEM A TROBAR TOT EL QUE NECESSITES AL MILLOR PREU.<\/strong><\/p>\n<p>[\/vc_column_text][vc_separator type=&#8221;small&#8221; position=&#8221;center&#8221; thickness=&#8221;1&#8243; width=&#8221;200&#8243; up=&#8221;10&#8243; down=&#8221;25&#8243;]<a  itemprop=\"url\" href=\"\/ca\/contacte\/\" target=\"_self\"  class=\"qbutton  default\" style=\"\">VULL M\u00c9S INFORMACI\u00d3<\/a>[vc_row_inner row_type=&#8221;row&#8221; type=&#8221;full_width&#8221; text_align=&#8221;center&#8221; css_animation=&#8221;&#8221; padding_top=&#8221;75&#8243;][vc_column_inner width=&#8221;1\/5&#8243;][vc_empty_space height=&#8221;20&#8243;]<span data-type=\"normal\"  class=\"qode_icon_shortcode  q_font_awsome_icon fa-lg pull-center \" style=\" \"><i class=\"qode_icon_font_awesome fa fa-bed qode_icon_element\" style=\"font-size: 50px;color: #85682e;\" ><\/i><\/span>[vc_empty_space height=&#8221;20&#8243;][vc_column_text]<\/p>\n<h3 style=\"text-align: center;\">ALLOTJAMENT<br \/>\nEXTERN<\/h3>\n<p>[\/vc_column_text][vc_empty_space height=&#8221;30&#8243;][vc_column_text]<\/p>\n<p style=\"text-align: center;\">C\u00e0mpings<br \/>\nBungalous<br \/>\nApartaments<br \/>\nHostals<br \/>\nHotels<\/p>\n<p>[\/vc_column_text][vc_empty_space height=&#8221;30&#8243;][\/vc_column_inner][vc_column_inner width=&#8221;1\/5&#8243;][vc_empty_space height=&#8221;20&#8243;]<span data-type=\"normal\"  class=\"qode_icon_shortcode  q_font_awsome_icon fa-lg pull-center \" style=\" \"><i class=\"qode_icon_font_awesome fa fa-address-book qode_icon_element\" style=\"font-size: 50px;color: #85682e;\" ><\/i><\/span>[vc_empty_space height=&#8221;20&#8243;][vc_column_text]<\/p>\n<h3 style=\"text-align: center;\">RESTAURANTS I C\u00c0TERINGS<\/h3>\n<p>[\/vc_column_text][vc_empty_space height=&#8221;30&#8243;][vc_column_text]<\/p>\n<p style=\"text-align: center;\">Cuina casolana<br \/>\nCuina vegetariana<br \/>\nCuina de muntanya<br \/>\nCuina Slow Food<br \/>\nCuina Macrobi\u00f2tica<\/p>\n<p>[\/vc_column_text][vc_empty_space height=&#8221;30&#8243;][\/vc_column_inner][vc_column_inner width=&#8221;1\/5&#8243; css=&#8221;.vc_custom_1713774043766{padding-top: 20px !important;padding-right: 20px !important;padding-bottom: 20px !important;padding-left: 20px !important;background-color: #f4f4f4 !important;}&#8221;]<span data-type=\"normal\"  class=\"qode_icon_shortcode  q_font_awsome_icon fa-lg pull-center \" style=\" \"><i class=\"qode_icon_font_awesome fa fa-heart qode_icon_element\" style=\"font-size: 50px;color: #85682e;\" ><\/i><\/span>[vc_empty_space height=&#8221;20&#8243;][vc_column_text]<\/p>\n<h3 style=\"text-align: center;\">SALUT I<br \/>\nBENESTAR<\/h3>\n<p>[\/vc_column_text][vc_empty_space height=&#8221;30&#8243;][vc_column_text]<\/p>\n<p style=\"text-align: center;\">Fisioter\u00e0pia<br \/>\nTer\u00e0pies naturals<br \/>\nCoaching<br \/>\nConstel\u00b7lacions familiars<br \/>\nMedicina Tradicional Xina<\/p>\n<p>[\/vc_column_text][vc_empty_space height=&#8221;20&#8243;]<a  itemprop=\"url\" href=\"https:\/\/www.fisiomountain.com\/ca\/\" target=\"_blank\"  class=\"qbutton  default\" style=\"\">VISITAR FISIOMOUNTAIN<\/a>[vc_empty_space height=&#8221;30&#8243;][\/vc_column_inner][vc_column_inner width=&#8221;1\/5&#8243;][vc_empty_space height=&#8221;20&#8243;]<span data-type=\"normal\"  class=\"qode_icon_shortcode  q_font_awsome_icon fa-lg pull-center \" style=\" \"><i class=\"qode_icon_font_awesome fa fa-bicycle qode_icon_element\" style=\"font-size: 50px;color: #85682e;\" ><\/i><\/span>[vc_empty_space height=&#8221;20&#8243;][vc_column_text]<\/p>\n<h3 style=\"text-align: center;\">ESPORT I<br \/>\nAVENTURA<\/h3>\n<p>[\/vc_column_text][vc_empty_space height=&#8221;30&#8243;][vc_column_text]<\/p>\n<p style=\"text-align: center;\">Alpinisme<br \/>\nDescens de barrancs<br \/>\nParapent<br \/>\nBTT<br \/>\nEsqu\u00ed<\/p>\n<p>[\/vc_column_text][vc_empty_space height=&#8221;30&#8243;][\/vc_column_inner][vc_column_inner width=&#8221;1\/5&#8243;][vc_empty_space height=&#8221;20&#8243;]<span data-type=\"normal\"  class=\"qode_icon_shortcode  q_font_awsome_icon fa-lg pull-center \" style=\" \"><i class=\"qode_icon_font_awesome fa fa-info qode_icon_element\" style=\"font-size: 50px;color: #85682e;\" ><\/i><\/span>[vc_empty_space height=&#8221;20&#8243;][vc_column_text]<\/p>\n<h3 style=\"text-align: center;\">OCI I<br \/>\nTURISME<\/h3>\n<p>[\/vc_column_text][vc_empty_space height=&#8221;30&#8243;][vc_column_text]<\/p>\n<p style=\"text-align: center;\">Rom\u00e0nic<br \/>\nBolets<br \/>\nAquarel\u00b7la<br \/>\nFotografia<br \/>\nTradici\u00f3<\/p>\n<p>[\/vc_column_text][vc_empty_space height=&#8221;30&#8243;][\/vc_column_inner][\/vc_row_inner][\/vc_column][\/vc_row]<\/p>\n<\/div>","protected":false},"excerpt":{"rendered":"<p>[vc_row css_animation=&#8221;&#8221; row_type=&#8221;row&#8221; use_row_as_full_screen_section=&#8221;no&#8221; type=&#8221;grid&#8221; angled_section=&#8221;no&#8221; text_align=&#8221;left&#8221; background_image_as_pattern=&#8221;without_pattern&#8221; z_index=&#8221;&#8221;][vc_column][vc_single_image image=&#8221;449&#8243; img_size=&#8221;full&#8221; alignment=&#8221;center&#8221; qode_css_animation=&#8221;&#8221;][\/vc_column][\/vc_row][vc_row css_animation=&#8221;&#8221; row_type=&#8221;row&#8221; use_row_as_full_screen_section=&#8221;no&#8221; type=&#8221;grid&#8221; angled_section=&#8221;no&#8221; text_align=&#8221;left&#8221; background_image_as_pattern=&#8221;without_pattern&#8221; z_index=&#8221;&#8221; padding_top=&#8221;30&#8243;][vc_column][vc_column_text] INICI \/ SERVEIS [\/vc_column_text][vc_separator type=&#8221;small&#8221; position=&#8221;center&#8221; color=&#8221;#000000&#8243; thickness=&#8221;1&#8243; up=&#8221;10&#8243;][\/vc_column][\/vc_row][vc_row css_animation=&#8221;&#8221; row_type=&#8221;row&#8221; use_row_as_full_screen_section=&#8221;no&#8221; type=&#8221;grid&#8221; angled_section=&#8221;no&#8221; text_align=&#8221;left&#8221; background_image_as_pattern=&#8221;without_pattern&#8221; z_index=&#8221;&#8221; padding_top=&#8221;50&#8243; padding_bottom=&#8221;50&#8243; anchor=&#8221;inicio&#8221;][vc_column width=&#8221;2\/3&#8243;][vc_column_text] Serveis de Caballo de Viento [\/vc_column_text][vc_separator type=&#8221;small&#8221; position=&#8221;left&#8221; thickness=&#8221;1&#8243; width=&#8221;200&#8243; up=&#8221;10&#8243; down=&#8221;20&#8243;][vc_column_text] LLOGUER D&#8217;ESPAIS EN EL PIRINEU ARAGON\u00c8S PER A TALLERS, RETIRS, ESDEVENIMENTS DE SALUT I BENESTAR, FORMACI\u00d3, EMPRESES&#8230; [\/vc_column_text][vc_empty_space height=&#8221;50&#8243;][vc_column_text]Estem disposats a ajudar-te a organitzar els teus esdeveniments, digues-nos que necessites i buscarem la&hellip; <a class=\"continue\" href=\"https:\/\/www.caballodeviento.com\/ca\/serveis\/\">CONTINUAR >><span> SERVEIS<\/span><\/a><\/p>\n","protected":false},"author":1,"featured_media":0,"parent":0,"menu_order":0,"comment_status":"closed","ping_status":"closed","template":"full_width.php","meta":{"footnotes":""},"class_list":["post-709","page","type-page","status-publish","hentry"],"_links":{"self":[{"href":"https:\/\/www.caballodeviento.com\/ca\/wp-json\/wp\/v2\/pages\/709","targetHints":{"allow":["GET"]}}],"collection":[{"href":"https:\/\/www.caballodeviento.com\/ca\/wp-json\/wp\/v2\/pages"}],"about":[{"href":"https:\/\/www.caballodeviento.com\/ca\/wp-json\/wp\/v2\/types\/page"}],"author":[{"embeddable":true,"href":"https:\/\/www.caballodeviento.com\/ca\/wp-json\/wp\/v2\/users\/1"}],"replies":[{"embeddable":true,"href":"https:\/\/www.caballodeviento.com\/ca\/wp-json\/wp\/v2\/comments?post=709"}],"version-history":[{"count":7,"href":"https:\/\/www.caballodeviento.com\/ca\/wp-json\/wp\/v2\/pages\/709\/revisions"}],"predecessor-version":[{"id":754,"href":"https:\/\/www.caballodeviento.com\/ca\/wp-json\/wp\/v2\/pages\/709\/revisions\/754"}],"wp:attachment":[{"href":"https:\/\/www.caballodeviento.com\/ca\/wp-json\/wp\/v2\/media?parent=709"}],"curies":[{"name":"wp","href":"https:\/\/api.w.org\/{rel}","templated":true}]}}