{"id":717,"date":"2024-04-18T10:43:42","date_gmt":"2024-04-18T08:43:42","guid":{"rendered":"https:\/\/www.caballodeviento.com\/?page_id=717"},"modified":"2024-04-25T19:25:01","modified_gmt":"2024-04-25T17:25:01","slug":"esdeveniments","status":"publish","type":"page","link":"https:\/\/www.caballodeviento.com\/ca\/esdeveniments\/","title":{"rendered":"ESDEVENIMENTS"},"content":{"rendered":"<div class=\"wpb-content-wrapper\"><p>[vc_row css_animation=&#8221;&#8221; row_type=&#8221;row&#8221; use_row_as_full_screen_section=&#8221;no&#8221; type=&#8221;grid&#8221; angled_section=&#8221;no&#8221; text_align=&#8221;left&#8221; background_image_as_pattern=&#8221;without_pattern&#8221; z_index=&#8221;&#8221;][vc_column][vc_single_image image=&#8221;452&#8243; img_size=&#8221;full&#8221; alignment=&#8221;center&#8221; qode_css_animation=&#8221;&#8221;][\/vc_column][\/vc_row][vc_row css_animation=&#8221;&#8221; row_type=&#8221;row&#8221; use_row_as_full_screen_section=&#8221;no&#8221; type=&#8221;grid&#8221; angled_section=&#8221;no&#8221; text_align=&#8221;left&#8221; background_image_as_pattern=&#8221;without_pattern&#8221; z_index=&#8221;&#8221; padding_top=&#8221;30&#8243;][vc_column][vc_column_text]<\/p>\n<p style=\"text-align: center;\"><small><a href=\"\/ca\/\">INICI<\/a> \/ ESDEVENIMENTS<\/small><\/p>\n<p>[\/vc_column_text][vc_separator type=&#8221;small&#8221; position=&#8221;center&#8221; color=&#8221;#000000&#8243; thickness=&#8221;1&#8243; up=&#8221;10&#8243;][\/vc_column][\/vc_row][vc_row css_animation=&#8221;&#8221; row_type=&#8221;row&#8221; use_row_as_full_screen_section=&#8221;no&#8221; type=&#8221;grid&#8221; angled_section=&#8221;no&#8221; text_align=&#8221;left&#8221; background_image_as_pattern=&#8221;without_pattern&#8221; z_index=&#8221;&#8221; padding_top=&#8221;50&#8243; padding_bottom=&#8221;75&#8243; anchor=&#8221;inicio&#8221;][vc_column width=&#8221;2\/3&#8243;][vc_column_text]<\/p>\n<h1 style=\"text-align: left;\">Esdeveniments de salut i benestar, de formaci\u00f3 i corporatius<\/h1>\n<p>[\/vc_column_text][vc_separator type=&#8221;small&#8221; position=&#8221;left&#8221; thickness=&#8221;1&#8243; width=&#8221;200&#8243; up=&#8221;10&#8243; down=&#8221;20&#8243;][vc_column_text]<\/p>\n<h2 style=\"text-align: left; font-size: 24px; color: #000000; font-weight: 600; line-height: 1.25;\">MIORESET, QI GONG, MINDFULNESS, CONSTEL\u00b7LACIONS FAMILIARS, GRAVITOTER\u00c0PIA, HIPOPRESSIUS, REFLEXOLOGIA, REIKI, S\u00d2L P\u00c8LVIC, RETIRS&#8230;<\/h2>\n<p>[\/vc_column_text][vc_empty_space height=&#8221;50&#8243;][vc_column_text]Enclavat al pintoresc entorn del <strong>Pirineu Aragon\u00e8s<\/strong>, Caballo de Viento emergeix com un oasi de tranquil\u00b7litat i revitalitzaci\u00f3, oferint un espai id\u00edl\u00b7lic per a la celebraci\u00f3 d&#8217;esdeveniments<strong>\u00a0centrats en la salut<\/strong>, <strong>el benestar<\/strong> i el <strong>desenvolupament personal<\/strong>. Amb una atmosfera serena i natural, aquest lloc es converteix en l&#8217;escenari perfecte per a una varietat d&#8217;activitats, des de <strong>retirs de ioga<\/strong> i <strong>meditaci\u00f3<\/strong> fins a <strong>tallers de creixement personal<\/strong> i <strong>formacions especialitzades<\/strong>. A m\u00e9s, Caballo de Viento obre les portes a empreses a la recerca d&#8217;un entorn inspirador per a <strong>esdeveniments corporatius<\/strong>, oferint la combinaci\u00f3 ideal entre natura, comoditat i professionalisme. Ja sigui per recarregar energies, aprendre noves habilitats o <strong>fomentar el treball en equip<\/strong>, aquest espai \u00fanic als Pirineus Aragonesos convida a submergir-se en un ambient d&#8217;harmonia i renovaci\u00f3, on cos, ment i esperit troben el seu equilibri.[\/vc_column_text][vc_empty_space height=&#8221;25&#8243;][\/vc_column][vc_column width=&#8221;1\/3&#8243;][vc_single_image image=&#8221;550&#8243; img_size=&#8221;full&#8221; alignment=&#8221;right&#8221; qode_css_animation=&#8221;&#8221;][\/vc_column][\/vc_row][vc_row css_animation=&#8221;&#8221; row_type=&#8221;row&#8221; use_row_as_full_screen_section=&#8221;no&#8221; type=&#8221;full_width&#8221; angled_section=&#8221;no&#8221; text_align=&#8221;left&#8221; background_image_as_pattern=&#8221;without_pattern&#8221;][vc_column][vc_separator type=&#8221;normal&#8221; color=&#8221;#000000&#8243; thickness=&#8221;1&#8243;][\/vc_column][\/vc_row][vc_row css_animation=&#8221;&#8221; row_type=&#8221;row&#8221; use_row_as_full_screen_section=&#8221;no&#8221; type=&#8221;grid&#8221; angled_section=&#8221;no&#8221; text_align=&#8221;center&#8221; background_image_as_pattern=&#8221;without_pattern&#8221; z_index=&#8221;&#8221; padding_top=&#8221;75&#8243; padding_bottom=&#8221;75&#8243;][vc_column][vc_column_text]<\/p>\n<h2 style=\"text-align: center;\">PROPERS ESDEVENIMENTS ORGANITZATS PER CABALLO DE VIENTO<\/h2>\n<p>[\/vc_column_text][vc_empty_space height=&#8221;15&#8243;][vc_column_text]<\/p>\n<p style=\"text-align: center;\"><strong>ESDEVENIMENTS AMB PLACES LIMITADES.<\/strong><\/p>\n<p>[\/vc_column_text][vc_separator type=&#8221;small&#8221; position=&#8221;center&#8221; thickness=&#8221;1&#8243; width=&#8221;200&#8243; up=&#8221;10&#8243; down=&#8221;25&#8243;]<a  itemprop=\"url\" href=\"\/ca\/contacte\/\" target=\"_self\"  class=\"qbutton  default\" style=\"\">VULL M\u00c9S INFORMACI\u00d3<\/a>[vc_empty_space height=&#8221;50&#8243;]<div class='q_masonry_blog'><div class=\"q_masonry_blog_grid_sizer\"><\/div><div class=\"q_masonry_blog_grid_gutter\"><\/div><article  class='post-723 post type-post status-publish format-standard has-post-thumbnail hentry category-sin-categorizar '><div class=\"q_masonry_blog_post_image\"><a itemprop=\"url\" href=\"https:\/\/www.caballodeviento.com\/ca\/2024\/04\/18\/23-dabril-de-2024-retir-de-ioga\/\" target=\"_self\"><img decoding=\"async\" itemprop=\"image\" src=\"https:\/\/www.caballodeviento.com\/wp-content\/uploads\/2016\/04\/caballo-de-viento-eventos-2024-retiro-yoga.jpg\" alt=\"Retiro en el Jard\u00edn de los 7 Chakras\" \/><\/a><\/div><div class=\"q_masonry_blog_post_text\"><h3 itemprop=\"name\" class=\"q_masonry_blog_title entry_title\"><a itemprop=\"url\" href=\"https:\/\/www.caballodeviento.com\/ca\/2024\/04\/18\/23-dabril-de-2024-retir-de-ioga\/\">23 D&#8217;ABRIL DE 2024 \u00b7 RETIR DE IOGA<\/a><\/h3><p itemprop=\"description\" class=\"q_masonry_blog_excerpt\"><br \/>Submergeix-te en un cap de setmana de serenitat i connexi\u00f3 a Caballo de viento! Uneix-te al nostre rec\u00e9s de ioga de tres dies a l'impressionant entorn del Pirineu Aragon\u00e8s i deixa que la naturalesa i la pr\u00e0ctica del ioga et gui\u00efn cap a un estat d'equilibri i benestar. <a class=\"continue\" href=\"https:\/\/www.caballodeviento.com\/ca\/2024\/04\/18\/23-dabril-de-2024-retir-de-ioga\/\">CONTINUAR >><span> 23 D&#8217;ABRIL DE 2024 \u00b7 RETIR DE IOGA<\/span><\/a>...<\/p><div class=\"q_masonry_blog_post_info\"><span itemprop=\"dateCreated\" class=\"time entry_date updated\">18 abril, 2024<meta itemprop=\"interactionCount\" content=\"UserComments: <?php echo get_comments_number(qode_get_page_id()); ?>\"\/><\/span><\/div><\/div><\/article><article  class='post-724 post type-post status-publish format-standard has-post-thumbnail hentry category-sin-categorizar '><div class=\"q_masonry_blog_post_image\"><a itemprop=\"url\" href=\"https:\/\/www.caballodeviento.com\/ca\/2024\/04\/18\/23-dabril-de-2024-retir-de-ioga-2\/\" target=\"_self\"><img decoding=\"async\" itemprop=\"image\" src=\"https:\/\/www.caballodeviento.com\/wp-content\/uploads\/2016\/04\/caballo-de-viento-eventos-2024-retiro-yoga.jpg\" alt=\"Retiro en el Jard\u00edn de los 7 Chakras\" \/><\/a><\/div><div class=\"q_masonry_blog_post_text\"><h3 itemprop=\"name\" class=\"q_masonry_blog_title entry_title\"><a itemprop=\"url\" href=\"https:\/\/www.caballodeviento.com\/ca\/2024\/04\/18\/23-dabril-de-2024-retir-de-ioga-2\/\">23 D&#8217;ABRIL DE 2024 \u00b7 RETIR DE IOGA<\/a><\/h3><p itemprop=\"description\" class=\"q_masonry_blog_excerpt\"><br \/>Submergeix-te en un cap de setmana de serenitat i connexi\u00f3 a Caballo de viento! Uneix-te al nostre rec\u00e9s de ioga de tres dies a l'impressionant entorn del Pirineu Aragon\u00e8s i deixa que la naturalesa i la pr\u00e0ctica del ioga et gui\u00efn cap a un estat d'equilibri i benestar. <a class=\"continue\" href=\"https:\/\/www.caballodeviento.com\/ca\/2024\/04\/18\/23-dabril-de-2024-retir-de-ioga-2\/\">CONTINUAR >><span> 23 D&#8217;ABRIL DE 2024 \u00b7 RETIR DE IOGA<\/span><\/a>...<\/p><div class=\"q_masonry_blog_post_info\"><span itemprop=\"dateCreated\" class=\"time entry_date updated\">18 abril, 2024<meta itemprop=\"interactionCount\" content=\"UserComments: <?php echo get_comments_number(qode_get_page_id()); ?>\"\/><\/span><\/div><\/div><\/article><article  class='post-725 post type-post status-publish format-standard has-post-thumbnail hentry category-sin-categorizar '><div class=\"q_masonry_blog_post_image\"><a itemprop=\"url\" href=\"https:\/\/www.caballodeviento.com\/ca\/2016\/04\/20\/23-dabril-de-2024-retir-de-ioga-3\/\" target=\"_self\"><img decoding=\"async\" itemprop=\"image\" src=\"https:\/\/www.caballodeviento.com\/wp-content\/uploads\/2016\/04\/caballo-de-viento-eventos-2024-retiro-yoga.jpg\" alt=\"Retiro en el Jard\u00edn de los 7 Chakras\" \/><\/a><\/div><div class=\"q_masonry_blog_post_text\"><h3 itemprop=\"name\" class=\"q_masonry_blog_title entry_title\"><a itemprop=\"url\" href=\"https:\/\/www.caballodeviento.com\/ca\/2016\/04\/20\/23-dabril-de-2024-retir-de-ioga-3\/\">23 D&#8217;ABRIL DE 2024 \u00b7 RETIR DE IOGA<\/a><\/h3><p itemprop=\"description\" class=\"q_masonry_blog_excerpt\"><br \/>Submergeix-te en un cap de setmana de serenitat i connexi\u00f3 a Caballo de viento! Uneix-te al nostre rec\u00e9s de ioga de tres dies a l'impressionant entorn del Pirineu Aragon\u00e8s i deixa que la naturalesa i la pr\u00e0ctica del ioga et gui\u00efn cap a un estat d'equilibri i benestar. <a class=\"continue\" href=\"https:\/\/www.caballodeviento.com\/ca\/2016\/04\/20\/23-dabril-de-2024-retir-de-ioga-3\/\">CONTINUAR >><span> 23 D&#8217;ABRIL DE 2024 \u00b7 RETIR DE IOGA<\/span><\/a>...<\/p><div class=\"q_masonry_blog_post_info\"><span itemprop=\"dateCreated\" class=\"time entry_date updated\">20 abril, 2016<meta itemprop=\"interactionCount\" content=\"UserComments: <?php echo get_comments_number(qode_get_page_id()); ?>\"\/><\/span><\/div><\/div><\/article><\/div>[vc_empty_space height=&#8221;10&#8243;]<a  itemprop=\"url\" href=\"\/ca\/contacte\/\" target=\"_self\"  class=\"qbutton  default\" style=\"\">VULL M\u00c9S INFORMACI\u00d3<\/a>[\/vc_column][\/vc_row][vc_row css_animation=&#8221;&#8221; row_type=&#8221;row&#8221; use_row_as_full_screen_section=&#8221;no&#8221; type=&#8221;full_width&#8221; angled_section=&#8221;no&#8221; text_align=&#8221;left&#8221; background_image_as_pattern=&#8221;without_pattern&#8221;][vc_column][vc_gallery type=&#8221;image_grid&#8221; images=&#8221;553,555,557,559,561,563&#8243; img_size=&#8221;full&#8221; onclick=&#8221;&#8221; column_number=&#8221;6&#8243; grayscale=&#8221;no&#8221; images_space=&#8221;gallery_without_space&#8221;][\/vc_column][\/vc_row]<\/p>\n<\/div>","protected":false},"excerpt":{"rendered":"<p>[vc_row css_animation=&#8221;&#8221; row_type=&#8221;row&#8221; use_row_as_full_screen_section=&#8221;no&#8221; type=&#8221;grid&#8221; angled_section=&#8221;no&#8221; text_align=&#8221;left&#8221; background_image_as_pattern=&#8221;without_pattern&#8221; z_index=&#8221;&#8221;][vc_column][vc_single_image image=&#8221;452&#8243; img_size=&#8221;full&#8221; alignment=&#8221;center&#8221; qode_css_animation=&#8221;&#8221;][\/vc_column][\/vc_row][vc_row css_animation=&#8221;&#8221; row_type=&#8221;row&#8221; use_row_as_full_screen_section=&#8221;no&#8221; type=&#8221;grid&#8221; angled_section=&#8221;no&#8221; text_align=&#8221;left&#8221; background_image_as_pattern=&#8221;without_pattern&#8221; z_index=&#8221;&#8221; padding_top=&#8221;30&#8243;][vc_column][vc_column_text] INICI \/ ESDEVENIMENTS [\/vc_column_text][vc_separator type=&#8221;small&#8221; position=&#8221;center&#8221; color=&#8221;#000000&#8243; thickness=&#8221;1&#8243; up=&#8221;10&#8243;][\/vc_column][\/vc_row][vc_row css_animation=&#8221;&#8221; row_type=&#8221;row&#8221; use_row_as_full_screen_section=&#8221;no&#8221; type=&#8221;grid&#8221; angled_section=&#8221;no&#8221; text_align=&#8221;left&#8221; background_image_as_pattern=&#8221;without_pattern&#8221; z_index=&#8221;&#8221; padding_top=&#8221;50&#8243; padding_bottom=&#8221;75&#8243; anchor=&#8221;inicio&#8221;][vc_column width=&#8221;2\/3&#8243;][vc_column_text] Esdeveniments de salut i benestar, de formaci\u00f3 i corporatius [\/vc_column_text][vc_separator type=&#8221;small&#8221; position=&#8221;left&#8221; thickness=&#8221;1&#8243; width=&#8221;200&#8243; up=&#8221;10&#8243; down=&#8221;20&#8243;][vc_column_text] MIORESET, QI GONG, MINDFULNESS, CONSTEL\u00b7LACIONS FAMILIARS, GRAVITOTER\u00c0PIA, HIPOPRESSIUS, REFLEXOLOGIA, REIKI, S\u00d2L P\u00c8LVIC, RETIRS&#8230; [\/vc_column_text][vc_empty_space height=&#8221;50&#8243;][vc_column_text]Enclavat al pintoresc entorn del Pirineu Aragon\u00e8s, Caballo de Viento emergeix com un oasi de&hellip; <a class=\"continue\" href=\"https:\/\/www.caballodeviento.com\/ca\/2016\/04\/20\/23-dabril-de-2024-retir-de-ioga-3\/\">CONTINUAR >><span> 23 D&#8217;ABRIL DE 2024 \u00b7 RETIR DE IOGA<\/span><\/a> <a class=\"continue\" href=\"https:\/\/www.caballodeviento.com\/ca\/2016\/04\/20\/23-dabril-de-2024-retir-de-ioga-3\/\">CONTINUAR >><span> 23 D&#8217;ABRIL DE 2024 \u00b7 RETIR DE IOGA<\/span><\/a><\/p>\n","protected":false},"author":1,"featured_media":0,"parent":0,"menu_order":0,"comment_status":"closed","ping_status":"closed","template":"full_width.php","meta":{"footnotes":""},"class_list":["post-717","page","type-page","status-publish","hentry"],"_links":{"self":[{"href":"https:\/\/www.caballodeviento.com\/ca\/wp-json\/wp\/v2\/pages\/717","targetHints":{"allow":["GET"]}}],"collection":[{"href":"https:\/\/www.caballodeviento.com\/ca\/wp-json\/wp\/v2\/pages"}],"about":[{"href":"https:\/\/www.caballodeviento.com\/ca\/wp-json\/wp\/v2\/types\/page"}],"author":[{"embeddable":true,"href":"https:\/\/www.caballodeviento.com\/ca\/wp-json\/wp\/v2\/users\/1"}],"replies":[{"embeddable":true,"href":"https:\/\/www.caballodeviento.com\/ca\/wp-json\/wp\/v2\/comments?post=717"}],"version-history":[{"count":4,"href":"https:\/\/www.caballodeviento.com\/ca\/wp-json\/wp\/v2\/pages\/717\/revisions"}],"predecessor-version":[{"id":755,"href":"https:\/\/www.caballodeviento.com\/ca\/wp-json\/wp\/v2\/pages\/717\/revisions\/755"}],"wp:attachment":[{"href":"https:\/\/www.caballodeviento.com\/ca\/wp-json\/wp\/v2\/media?parent=717"}],"curies":[{"name":"wp","href":"https:\/\/api.w.org\/{rel}","templated":true}]}}