{"id":750,"date":"2024-04-16T17:08:51","date_gmt":"2024-04-16T15:08:51","guid":{"rendered":"https:\/\/www.caballodeviento.com\/?page_id=750"},"modified":"2024-04-25T19:08:24","modified_gmt":"2024-04-25T17:08:24","slug":"politica-de-privacitat-xarxes-socials","status":"publish","type":"page","link":"https:\/\/www.caballodeviento.com\/ca\/inici\/politica-de-privacitat-xarxes-socials\/","title":{"rendered":"POL\u00cdTICA DE PRIVACITAT XARXES SOCIALS"},"content":{"rendered":"<div class=\"wpb-content-wrapper\"><p>[vc_row css_animation=&#8221;&#8221; row_type=&#8221;row&#8221; use_row_as_full_screen_section=&#8221;no&#8221; type=&#8221;grid&#8221; angled_section=&#8221;no&#8221; text_align=&#8221;left&#8221; background_image_as_pattern=&#8221;without_pattern&#8221; z_index=&#8221;&#8221; padding_top=&#8221;30&#8243;][vc_column][vc_column_text]<\/p>\n<p style=\"text-align: center;\"><small><a href=\"\/ca\/\">INICI<\/a> \/ POL\u00cdTICA DE PRIVACITAT XARXES SOCIALS<\/small><\/p>\n<p>[\/vc_column_text][vc_separator type=&#8221;small&#8221; position=&#8221;center&#8221; color=&#8221;#000000&#8243; thickness=&#8221;1&#8243; down=&#8221;30&#8243;][\/vc_column][\/vc_row][vc_row css_animation=&#8221;&#8221; row_type=&#8221;row&#8221; use_row_as_full_screen_section=&#8221;no&#8221; type=&#8221;grid&#8221; angled_section=&#8221;no&#8221; text_align=&#8221;left&#8221; background_image_as_pattern=&#8221;without_pattern&#8221; z_index=&#8221;&#8221; padding_top=&#8221;25&#8243; padding_bottom=&#8221;75&#8243; anchor=&#8221;inicio&#8221;][vc_column][vc_column_text]<\/p>\n<h1 style=\"text-align: center;\">Pol\u00edtica de privadesa xarxes socials<\/h1>\n<p>[\/vc_column_text][vc_empty_space height=&#8221;75&#8243;][vc_column_text][vc_empty_space height=&#8221;50px&#8221;]<\/p>\n<h2>1. INFORMACI\u00d3 A L&#8217;USUARI<\/h2>\n<p>[vc_separator type=&#8221;small&#8221; position=&#8221;left&#8221; up=&#8221;15&#8243; down=&#8221;40&#8243; color=&#8221;#000000&#8243; transparency=&#8221;1&#8243; thickness=&#8221;2&#8243; width=&#8221;100&#8243;]<\/p>\n<p><strong>Qui \u00e9s el responsable del tractament de les teves dades personals?<\/strong><\/p>\n<p>CABALLO DE VIENTO \u2013 MARIA GUASCH SORS, d&#8217;ara endavant, RESPONSABLE, informa a l&#8217;USUARI que ha procedit a crear un perfil a les Xarxes Socials Facebook i Instagram, que \u00e9s el responsable del tractament de les dades personals de l&#8217;usuari que es dugui a terme a aquestes xarxes socials i us informa que aquestes dades seran tractades de conformitat amb el que disposa el Reglament (UE) 2016\/679, de 27 d&#8217;abril (GDPR), i la Llei Org\u00e0nica 3\/2018, de 5 de desembre (LOPDGDD) , per la qual cosa se li facilita la informaci\u00f3 seg\u00fcent del tractament:<\/p>\n<p>&nbsp;<\/p>\n<p><strong>Per qu\u00e8 tractem les teves dades personals?<\/strong><\/p>\n<p>Fi del tractament: mantenir una relaci\u00f3 entre l&#8217;USUARI i el RESPONSABLE que pot incloure les operacions seg\u00fcents:<\/p>\n<ul>\n<li style=\"list-style-type: none;\">\n<ul>\n<li style=\"list-style-type: none;\">\n<ul>\n<li>Tramitar sol\u00b7licituds i consultes plantejades al responsable.<\/li>\n<li>Informar sobre activitats i esdeveniments organitzats pel responsable.<\/li>\n<li>Informar sobre productes o serveis oferts pel responsable.<\/li>\n<li>Interactuar a trav\u00e9s dels perfils oficials.<\/li>\n<\/ul>\n<\/li>\n<\/ul>\n<\/li>\n<\/ul>\n<p>&nbsp;<\/p>\n<p><strong>Per quin motiu podem tractar les dades personals?<\/strong><\/p>\n<p>Base jur\u00eddica del tractament: article 6.1.a GDPR, l&#8217;interessat ha donat el seu consentiment per al tractament de les seves dades personals per a un o diversos fins espec\u00edfics. L&#8217;USUARI disposa d&#8217;un perfil a la mateixa xarxa social i ha decidit unir-se a la xarxa social del RESPONSABLE mostrant aix\u00ed inter\u00e8s en la informaci\u00f3 que s&#8217;hi publiqui, per tant, en el moment de sol\u00b7licitar seguir els nostres perfils oficials, ens facilita el seu consentiment per al tractament d&#8217;aquelles dades personals publicades al perfil.<\/p>\n<p>&nbsp;<\/p>\n<p>L&#8217;USUARI pot accedir en tot moment a les pol\u00edtiques de privadesa de la mateixa xarxa social, aix\u00ed com configurar el seu perfil per garantir-ne la privadesa.<\/p>\n<p>&nbsp;<\/p>\n<p>El RESPONSABLE hi t\u00e9 acc\u00e9s i tracta aquella informaci\u00f3 p\u00fablica de l&#8217;USUARI, en especial, el nom de contacte. Aquestes dades nom\u00e9s s\u00f3n utilitzades dins de la mateixa xarxa social i \u00fanicament s&#8217;incorporaran a un fitxer del RESPONSABLE quan sigui necessari per tramitar la petici\u00f3 de l&#8217;USUARI.<\/p>\n<p>&nbsp;<\/p>\n<p><strong>Durant quant de temps guardarem les teves dades personals?<\/strong><\/p>\n<p>Criteris de conservaci\u00f3 de les dades: es conservaran mentre l&#8217;USUARI no revoqui el consentiment prestat tal com s&#8217;indica a aquesta pol\u00edtica de privadesa.<\/p>\n<p>&nbsp;<\/p>\n<p><strong>A qui facilitem les teves dades personals?<\/strong><\/p>\n<p>Comunicaci\u00f3 de les dades: la informaci\u00f3 facilitada per l&#8217;USUARI a trav\u00e9s de les xarxes socials del RESPONSABLE, incloses les dades personals, pot ser publicada, sempre en funci\u00f3 dels serveis que l&#8217;USUARI utilitzi, per la qual cosa podr\u00e0 quedar a disposici\u00f3 p\u00fablica d&#8217;altres tercers usuaris de les xarxes socials. Des del perfil de cada xarxa social, l&#8217;USUARI pot configurar quina informaci\u00f3 vol fer p\u00fablica en cada cas, veure els permisos que s&#8217;han concedit, eliminar-los o desactivar-los, com qualsevol aplicaci\u00f3 d&#8217;un tercer que ja no es vol utilitzar.<\/p>\n<p>&nbsp;<\/p>\n<p>No est\u00e0 prevista cap comunicaci\u00f3 de dades personals a tercers fora de la xarxa social excepte, si fos imprescindible per al desenvolupament i execuci\u00f3 de les finalitats del tractament, als nostres prove\u00efdors de serveis relacionats amb comunicacions, amb els quals el RESPONSABLE t\u00e9 subscrits els contractes de confidencialitat i encarregat de tractament exigits per la normativa vigent de privadesa.<\/p>\n<p>&nbsp;<\/p>\n<p><strong>Quins s\u00f3n els teus drets?<\/strong><\/p>\n<p>Drets que assisteixen a l&#8217;USUARI: nom\u00e9s es podran satisfer en relaci\u00f3 amb aquella informaci\u00f3 que es troba sota el control del RESPONSABLE.<\/p>\n<ul>\n<li style=\"list-style-type: none;\">\n<ul>\n<li style=\"list-style-type: none;\">\n<ul>\n<li>Dret a retirar el consentiment en qualsevol moment.<\/li>\n<li>Dret d&#8217;acc\u00e9s, rectificaci\u00f3, portabilitat i supressi\u00f3 de les vostres dades, i de limitaci\u00f3 o oposici\u00f3 al tractament.<\/li>\n<li>Dret a presentar una reclamaci\u00f3 davant de l&#8217;autoritat de control (www.aepd.es) si considera que el tractament no s&#8217;ajusta a la normativa vigent.<\/li>\n<\/ul>\n<\/li>\n<\/ul>\n<\/li>\n<\/ul>\n<p>&nbsp;<\/p>\n<p><strong>Dades de contacte per exercir els seus drets:<\/strong><\/p>\n<ul>\n<li style=\"list-style-type: none;\">\n<ul>\n<li style=\"list-style-type: none;\">\n<ul>\n<li>Nom comercial: CABALLO DE VIENTO<\/li>\n<li>Denominaci\u00f3 social: MARIA GUASCH SORS.<\/li>\n<li>Domicili social: PARCEL\u00b7LA ESPONAGROSA S\/N\u00ba , 22471 LASPAULES (HUESCA)<\/li>\n<li>e-mail: info.caballodeviento@gmail.com<\/li>\n<\/ul>\n<\/li>\n<\/ul>\n<\/li>\n<\/ul>\n<p>&nbsp;<\/p>\n<p>[vc_empty_space height=&#8221;50px&#8221;]<\/p>\n<h2>2. UTILITZACI\u00d3 DEL PERFIL<\/h2>\n<p>[vc_separator type=&#8221;small&#8221; position=&#8221;left&#8221; up=&#8221;15&#8243; down=&#8221;40&#8243; color=&#8221;#000000&#8243; transparency=&#8221;1&#8243; thickness=&#8221;2&#8243; width=&#8221;100&#8243;]<\/p>\n<p>El RESPONSABLE realitzar\u00e0 les actuacions seg\u00fcents:<\/p>\n<ul>\n<li style=\"list-style-type: none;\">\n<ul>\n<li style=\"list-style-type: none;\">\n<ul>\n<li>Acc\u00e9s a la informaci\u00f3 p\u00fablica del perfil.<\/li>\n<li>Publicaci\u00f3 al perfil de l&#8217;USUARI de tota aquella informaci\u00f3 ja publicada a la xarxa social del RESPONSABLE.<\/li>\n<li>Enviar missatges personals i individuals a trav\u00e9s dels canals de la xarxa social.<\/li>\n<li>Actualitzacions de l&#8217;estat de la p\u00e0gina que es publicaran al perfil de l&#8217;USUARI.<\/li>\n<\/ul>\n<\/li>\n<\/ul>\n<\/li>\n<\/ul>\n<p>&nbsp;<\/p>\n<p>L&#8217;USUARI sempre pot controlar les connexions, eliminar els continguts que deixin d&#8217;interessar-li i restringir amb qui comparteix les connexions; per a aix\u00f2 haureu d&#8217;accedir a la vostra configuraci\u00f3 de privadesa.<\/p>\n<p>&nbsp;<\/p>\n<p>[vc_empty_space height=&#8221;50px&#8221;]<\/p>\n<h2>3. PUBLICACIONS<\/h2>\n<p>[vc_separator type=&#8221;small&#8221; position=&#8221;left&#8221; up=&#8221;15&#8243; down=&#8221;40&#8243; color=&#8221;#000000&#8243; transparency=&#8221;1&#8243; thickness=&#8221;2&#8243; width=&#8221;100&#8243;]<\/p>\n<p>L&#8217;USUARI, un cop sigui seguidor o s&#8217;hagi unit a la xarxa social del RESPONSABLE, podr\u00e0 publicar en aquests comentaris, enlla\u00e7os, imatges, fotografies o qualsevol altre tipus de contingut multim\u00e8dia suportat per aquesta. L&#8217;USUARI, en tots els casos, ha de ser el titular del contingut publicat, gaudir dels drets d&#8217;autor i de propietat intel\u00b7lectual o comptar amb el consentiment dels tercers afectats.<\/p>\n<p>&nbsp;<\/p>\n<p>Es prohibeix expressament qualsevol publicaci\u00f3 a la xarxa social, ja siguin textos, gr\u00e0fics, fotografies, v\u00eddeos, etc. que atemptin o siguin susceptibles d&#8217;atemptar contra la moral, l&#8217;\u00e8tica, el bon gust o el dec\u00f2rum, i\/o que infringeixin, violin o trenquin els drets de propietat intel\u00b7lectual o industrial, el dret a la imatge o la Llei.<\/p>\n<p>&nbsp;<\/p>\n<p>En aquests casos, el RESPONSABLE es reserva el dret de retirar immediatament el contingut, sense comunicaci\u00f3 pr\u00e8via, podent sol\u00b7licitar el bloqueig permanent de l&#8217;USUARI.<\/p>\n<p>&nbsp;<\/p>\n<p>El RESPONSABLE no es far\u00e0 responsable dels continguts que lliurement ha publicat un USUARI.<\/p>\n<p>&nbsp;<\/p>\n<p>L&#8217;USUARI ha de tenir present que les seves publicacions seran conegudes per altres usuaris, per la qual cosa ell mateix \u00e9s el principal responsable de la seva privadesa.<\/p>\n<p>&nbsp;<\/p>\n<p>Les imatges que puguin publicar-se a la xarxa social no seran emmagatzemades en cap fitxer per part del RESPONSABLE, per\u00f2 s\u00ed que romandran a la xarxa social.<\/p>\n<p>&nbsp;<\/p>\n<p>[vc_empty_space height=&#8221;50px&#8221;]<\/p>\n<h2>4. DADES DE MENORS D&#8217;EDAT O PERSONES AMB CAPACITATS ESPECIALS<\/h2>\n<p>[vc_separator type=&#8221;small&#8221; position=&#8221;left&#8221; up=&#8221;15&#8243; down=&#8221;40&#8243; color=&#8221;#000000&#8243; transparency=&#8221;1&#8243; thickness=&#8221;2&#8243; width=&#8221;100&#8243;]<\/p>\n<p>L&#8217;acc\u00e9s i el registre a trav\u00e9s de les xarxes socials del RESPONSABLE est\u00e0 prohibit a menors de 18 anys. Per la seva banda, si l&#8217;USUARI t\u00e9 capacitats especials, cal la intervenci\u00f3 del titular de la seva p\u00e0tria potestat o tutela, o del seu representant legal mitjan\u00e7ant document v\u00e0lid que acrediti la representaci\u00f3.<\/p>\n<p>&nbsp;<\/p>\n<p>El RESPONSABLE queda exonerat expressament de qualsevol responsabilitat que es pugui derivar de l&#8217;\u00fas de les xarxes socials per part de menors o persones amb capacitats especials. Les xarxes socials del RESPONSABLE no recullen conscientment cap informaci\u00f3 personal de menors d&#8217;edat, per aix\u00f2, si l&#8217;USUARI \u00e9s menor d&#8217;edat, no s&#8217;ha de registrar ni utilitzar les xarxes socials del RESPONSABLE ni proporcionar cap informaci\u00f3 personal.[\/vc_column_text][\/vc_column][\/vc_row]<\/p>\n<\/div>","protected":false},"excerpt":{"rendered":"<p>[vc_row css_animation=&#8221;&#8221; row_type=&#8221;row&#8221; use_row_as_full_screen_section=&#8221;no&#8221; type=&#8221;grid&#8221; angled_section=&#8221;no&#8221; text_align=&#8221;left&#8221; background_image_as_pattern=&#8221;without_pattern&#8221; z_index=&#8221;&#8221; padding_top=&#8221;30&#8243;][vc_column][vc_column_text] INICI \/ POL\u00cdTICA DE PRIVACITAT XARXES SOCIALS [\/vc_column_text][vc_separator type=&#8221;small&#8221; position=&#8221;center&#8221; color=&#8221;#000000&#8243; thickness=&#8221;1&#8243; down=&#8221;30&#8243;][\/vc_column][\/vc_row][vc_row css_animation=&#8221;&#8221; row_type=&#8221;row&#8221; use_row_as_full_screen_section=&#8221;no&#8221; type=&#8221;grid&#8221; angled_section=&#8221;no&#8221; text_align=&#8221;left&#8221; background_image_as_pattern=&#8221;without_pattern&#8221; z_index=&#8221;&#8221; padding_top=&#8221;25&#8243; padding_bottom=&#8221;75&#8243; anchor=&#8221;inicio&#8221;][vc_column][vc_column_text] Pol\u00edtica de privadesa xarxes socials [\/vc_column_text][vc_empty_space height=&#8221;75&#8243;][vc_column_text][vc_empty_space height=&#8221;50px&#8221;] 1. INFORMACI\u00d3 A L&#8217;USUARI [vc_separator type=&#8221;small&#8221; position=&#8221;left&#8221; up=&#8221;15&#8243; down=&#8221;40&#8243; color=&#8221;#000000&#8243; transparency=&#8221;1&#8243; thickness=&#8221;2&#8243; width=&#8221;100&#8243;] Qui \u00e9s el responsable del tractament de les teves dades personals? CABALLO DE VIENTO \u2013 MARIA GUASCH SORS, d&#8217;ara endavant, RESPONSABLE, informa a l&#8217;USUARI que ha procedit a crear un perfil a les&hellip; <a class=\"continue\" href=\"https:\/\/www.caballodeviento.com\/ca\/inici\/politica-de-privacitat-xarxes-socials\/\">CONTINUAR >><span> POL\u00cdTICA DE PRIVACITAT XARXES SOCIALS<\/span><\/a><\/p>\n","protected":false},"author":1,"featured_media":0,"parent":696,"menu_order":0,"comment_status":"closed","ping_status":"closed","template":"full_width.php","meta":{"footnotes":""},"class_list":["post-750","page","type-page","status-publish","hentry"],"_links":{"self":[{"href":"https:\/\/www.caballodeviento.com\/ca\/wp-json\/wp\/v2\/pages\/750","targetHints":{"allow":["GET"]}}],"collection":[{"href":"https:\/\/www.caballodeviento.com\/ca\/wp-json\/wp\/v2\/pages"}],"about":[{"href":"https:\/\/www.caballodeviento.com\/ca\/wp-json\/wp\/v2\/types\/page"}],"author":[{"embeddable":true,"href":"https:\/\/www.caballodeviento.com\/ca\/wp-json\/wp\/v2\/users\/1"}],"replies":[{"embeddable":true,"href":"https:\/\/www.caballodeviento.com\/ca\/wp-json\/wp\/v2\/comments?post=750"}],"version-history":[{"count":1,"href":"https:\/\/www.caballodeviento.com\/ca\/wp-json\/wp\/v2\/pages\/750\/revisions"}],"predecessor-version":[{"id":751,"href":"https:\/\/www.caballodeviento.com\/ca\/wp-json\/wp\/v2\/pages\/750\/revisions\/751"}],"up":[{"embeddable":true,"href":"https:\/\/www.caballodeviento.com\/ca\/wp-json\/wp\/v2\/pages\/696"}],"wp:attachment":[{"href":"https:\/\/www.caballodeviento.com\/ca\/wp-json\/wp\/v2\/media?parent=750"}],"curies":[{"name":"wp","href":"https:\/\/api.w.org\/{rel}","templated":true}]}}